{"id":228,"date":"2021-03-01T09:00:00","date_gmt":"2019-06-12T07:44:45","guid":{"rendered":"https:\/\/themes.getmotopress.com\/luviana\/?page_id=228"},"modified":"2026-02-10T18:39:26","modified_gmt":"2026-02-10T17:39:26","slug":"su-di-noi","status":"publish","type":"page","link":"https:\/\/www.hotelbenini.it\/it\/su-di-noi\/","title":{"rendered":"Su di noi"},"content":{"rendered":"\n<div class=\"wp-block-getwid-section alignfull alignfull getwid-margin-top-none getwid-margin-bottom-none\"><div class=\"wp-block-getwid-section__wrapper getwid-padding-top-none getwid-padding-bottom-none getwid-padding-left-medium getwid-padding-right-medium getwid-padding-mobile-left-small getwid-padding-mobile-right-small\"><div class=\"wp-block-getwid-section__inner-wrapper\"><div class=\"wp-block-getwid-section__background-holder\"><div class=\"wp-block-getwid-section__background\"><\/div><div class=\"wp-block-getwid-section__foreground\"><\/div><\/div><div class=\"wp-block-getwid-section__content\"><div class=\"wp-block-getwid-section__inner-content\">\n<div class=\"wp-block-columns has-2-columns is-layout-flex wp-container-core-columns-is-layout-9d6595d7 wp-block-columns-is-layout-flex\">\n<div class=\"wp-block-column is-layout-flow wp-block-column-is-layout-flow\">\n<div class=\"wp-block-getwid-advanced-heading is-style-style-1 has-custom-font-size\" style=\"font-size:12px;margin-bottom:0px\"><p class=\"wp-block-getwid-advanced-heading__content\" style=\"letter-spacing:0.1em\">LA VOSTRA CASA AL MARE<\/p><\/div>\n\n\n\n<div class=\"wp-block-getwid-advanced-heading is-style-default\" style=\"margin-top:10px\"><h2 class=\"wp-block-getwid-advanced-heading__content\">Benvenuti all&#8217;Hotel Benini<\/h2><\/div>\n\n\n\n<p><\/p>\n<\/div>\n\n\n\n<div class=\"wp-block-column is-layout-flow wp-block-column-is-layout-flow\">\n<p>L&#8217;Hotel \u00e8 situato direttamente sul mare in una <strong>tranquilla<\/strong> Traversa nella <strong>zona pi\u00f9 verde<\/strong> di <strong>Milano<\/strong> <strong>Marittima<\/strong> e a poche centinaia di metri dall&#8217;elegante centro e dai negozi.<\/p>\n\n\n\n<p>Il ristorante \u00e8 situato al primo piano della struttura, per un\u2019impareggiabile vista del mare. Le camere sono organizzate ai piani superiori, le suite invece, si trovano all\u2019ultimo piano. <strong>Tutte le camere hanno una magnifica vista del mare non ostacolata dagli edifici circostanti.<\/strong><\/p>\n<\/div>\n<\/div>\n<\/div><\/div><\/div><\/div><\/div>\n\n\n\n<div class=\"wp-block-getwid-section alignfull alignfull getwid-margin-top-none getwid-margin-bottom-none\"><div class=\"wp-block-getwid-section__wrapper getwid-padding-top-normal getwid-padding-left-medium getwid-padding-right-medium getwid-padding-mobile-left-small getwid-padding-mobile-right-small\" style=\"padding-bottom:40px\"><div class=\"wp-block-getwid-section__inner-wrapper\"><div class=\"wp-block-getwid-section__background-holder\"><div class=\"wp-block-getwid-section__background\"><\/div><div class=\"wp-block-getwid-section__foreground\"><\/div><\/div><div class=\"wp-block-getwid-section__content\"><div class=\"wp-block-getwid-section__inner-content\">\n<div class=\"wp-block-columns has-2-columns is-layout-flex wp-container-core-columns-is-layout-9d6595d7 wp-block-columns-is-layout-flex\">\n<div class=\"wp-block-column is-layout-flow wp-block-column-is-layout-flow\">\n<figure class=\"wp-block-image size-large\"><img loading=\"lazy\" decoding=\"async\" width=\"1024\" height=\"768\" src=\"https:\/\/www.hotelbenini.it\/wp-content\/uploads\/2021\/03\/hb_197-1024x768.jpg\" alt=\"\" class=\"wp-image-2149\" srcset=\"https:\/\/www.hotelbenini.it\/wp-content\/uploads\/2021\/03\/hb_197-1024x768.jpg 1024w, https:\/\/www.hotelbenini.it\/wp-content\/uploads\/2021\/03\/hb_197-300x225.jpg 300w, https:\/\/www.hotelbenini.it\/wp-content\/uploads\/2021\/03\/hb_197-768x576.jpg 768w, https:\/\/www.hotelbenini.it\/wp-content\/uploads\/2021\/03\/hb_197-1536x1152.jpg 1536w, https:\/\/www.hotelbenini.it\/wp-content\/uploads\/2021\/03\/hb_197-2048x1536.jpg 2048w, https:\/\/www.hotelbenini.it\/wp-content\/uploads\/2021\/03\/hb_197-1170x878.jpg 1170w\" sizes=\"auto, (max-width: 1024px) 100vw, 1024px\" \/><\/figure>\n<\/div>\n\n\n\n<div class=\"wp-block-column is-layout-flow wp-block-column-is-layout-flow\">\n<figure class=\"wp-block-image size-large\"><img loading=\"lazy\" decoding=\"async\" width=\"1024\" height=\"767\" src=\"https:\/\/www.hotelbenini.it\/wp-content\/uploads\/2021\/03\/hb_219-1024x767.jpg\" alt=\"\" class=\"wp-image-2660\" srcset=\"https:\/\/www.hotelbenini.it\/wp-content\/uploads\/2021\/03\/hb_219-1024x767.jpg 1024w, https:\/\/www.hotelbenini.it\/wp-content\/uploads\/2021\/03\/hb_219-300x225.jpg 300w, https:\/\/www.hotelbenini.it\/wp-content\/uploads\/2021\/03\/hb_219-768x575.jpg 768w, https:\/\/www.hotelbenini.it\/wp-content\/uploads\/2021\/03\/hb_219-1536x1150.jpg 1536w, https:\/\/www.hotelbenini.it\/wp-content\/uploads\/2021\/03\/hb_219-2048x1534.jpg 2048w, https:\/\/www.hotelbenini.it\/wp-content\/uploads\/2021\/03\/hb_219-1170x876.jpg 1170w\" sizes=\"auto, (max-width: 1024px) 100vw, 1024px\" \/><\/figure>\n<\/div>\n<\/div>\n\n\n\n<figure class=\"wp-block-pullquote is-style-solid-color\"><blockquote><p>Alloggiare all&#8217;<strong>Hotel Benini<\/strong> di Milano Marittima significa essere circondati da un <strong>ambiente familiare<\/strong> ma al tempo stesso <strong>raffinato<\/strong>, dove <strong>l&#8217;ospite<\/strong> trova sempre una <strong>sincera accoglienza<\/strong>.<\/p><\/blockquote><\/figure>\n<\/div><\/div><\/div><\/div><\/div>\n\n\n\n<div class=\"wp-block-getwid-section alignfull alignfull getwid-margin-top-none\" style=\"margin-bottom:83px\"><div class=\"wp-block-getwid-section__wrapper getwid-padding-top-none getwid-padding-bottom-none getwid-padding-left-medium getwid-padding-right-medium getwid-padding-mobile-left-small getwid-padding-mobile-right-small\"><div class=\"wp-block-getwid-section__inner-wrapper\"><div class=\"wp-block-getwid-section__background-holder\"><div class=\"wp-block-getwid-section__background\"><\/div><div class=\"wp-block-getwid-section__foreground\"><\/div><\/div><div class=\"wp-block-getwid-section__content\"><div class=\"wp-block-getwid-section__inner-content\">\n<div class=\"wp-block-getwid-banner has-animation-style4\"><a href=\"https:\/\/www.hotelbenini.it\/it\/servizi\/\" class=\"wp-block-getwid-banner__link\"><div class=\"wp-block-getwid-banner__wrapper\"><img loading=\"lazy\" decoding=\"async\" width=\"2400\" height=\"1350\" src=\"https:\/\/www.hotelbenini.it\/wp-content\/uploads\/2021\/03\/hb_191.jpg\" alt=\"\" class=\"wp-block-getwid-banner__image wp-block-getwid-banner__source wp-image-2131\" srcset=\"https:\/\/www.hotelbenini.it\/wp-content\/uploads\/2021\/03\/hb_191.jpg 2400w, https:\/\/www.hotelbenini.it\/wp-content\/uploads\/2021\/03\/hb_191-300x169.jpg 300w, https:\/\/www.hotelbenini.it\/wp-content\/uploads\/2021\/03\/hb_191-1024x576.jpg 1024w, https:\/\/www.hotelbenini.it\/wp-content\/uploads\/2021\/03\/hb_191-768x432.jpg 768w, https:\/\/www.hotelbenini.it\/wp-content\/uploads\/2021\/03\/hb_191-1536x864.jpg 1536w, https:\/\/www.hotelbenini.it\/wp-content\/uploads\/2021\/03\/hb_191-2048x1152.jpg 2048w, https:\/\/www.hotelbenini.it\/wp-content\/uploads\/2021\/03\/hb_191-1170x658.jpg 1170w\" sizes=\"auto, (max-width: 2400px) 100vw, 2400px\" \/><div class=\"wp-block-getwid-banner__caption\"><div class=\"wp-block-getwid-banner__caption-wrapper\"><span class=\"wp-block-getwid-banner__title\">I nostri Servizi<\/span><p class=\"wp-block-getwid-banner__text\">Per il Vostro relax e lo sport immersi nella natura troverete la secolare pineta di Milano Marittima, il Parco Naturale di Cervia, l&#8217;Adria Golf Club e il Centro ippico Le Siepi. Per il Vostro benessere speciali pacchetti con le Terme di Cervia.<\/p><\/div><\/div><\/div><\/a><\/div>\n<\/div><\/div><\/div><\/div><\/div>\n\n\n\n<div class=\"wp-block-getwid-section alignfull alignfull getwid-margin-top-none getwid-margin-bottom-none\"><div class=\"wp-block-getwid-section__wrapper getwid-padding-top-none getwid-padding-bottom-none getwid-padding-left-medium getwid-padding-right-medium getwid-padding-mobile-left-small getwid-padding-mobile-right-small\"><div class=\"wp-block-getwid-section__inner-wrapper\"><div class=\"wp-block-getwid-section__background-holder\"><div class=\"wp-block-getwid-section__background\"><\/div><div class=\"wp-block-getwid-section__foreground\"><\/div><\/div><div class=\"wp-block-getwid-section__content\"><div class=\"wp-block-getwid-section__inner-content\">\n<div class=\"wp-block-columns has-2-columns is-layout-flex wp-container-core-columns-is-layout-9d6595d7 wp-block-columns-is-layout-flex\">\n<div class=\"wp-block-column is-layout-flow wp-block-column-is-layout-flow\">\n<div class=\"wp-block-getwid-advanced-heading is-style-style-1 has-custom-font-size\" style=\"font-size:12px;margin-bottom:0px\"><p class=\"wp-block-getwid-advanced-heading__content\" style=\"letter-spacing:0.1em\">SCOPRI IL FASCINO<\/p><\/div>\n\n\n\n<div class=\"wp-block-getwid-advanced-heading is-style-default\" style=\"margin-top:10px\"><h2 class=\"wp-block-getwid-advanced-heading__content\">Camere e Suite<\/h2><\/div>\n<\/div>\n\n\n\n<div class=\"wp-block-column is-layout-flow wp-block-column-is-layout-flow\">\n<p>Le stanze finemente arredate sono <strong>accoglienti<\/strong> e <strong>spaziose<\/strong>, attrezzate con aria condizionata, TV satellite con Sky, frigo-bar, telefono, phon, bagno con box doccia, cassaforte, <strong>balcone<\/strong> e una magnifica <strong>vista del mare<\/strong>.<\/p>\n\n\n\n<p>All&#8217;<strong>ultimo piano<\/strong>, circondate da un&#8217;immensa terrazza sul mare di Milano Marittima, potrete soggiornare nelle nostre <strong>splendide<\/strong> <strong>Suite<\/strong> dotate di ogni <strong>comfort<\/strong>.<\/p>\n<\/div>\n<\/div>\n<\/div><\/div><\/div><\/div><\/div>\n\n\n\n<div class=\"wp-block-getwid-section alignfull alignfull getwid-margin-top-none getwid-margin-bottom-normal\"><div class=\"wp-block-getwid-section__wrapper getwid-padding-top-normal getwid-padding-bottom-normal getwid-padding-left-medium getwid-padding-right-medium getwid-padding-mobile-left-small getwid-padding-mobile-right-small\"><div class=\"wp-block-getwid-section__inner-wrapper\"><div class=\"wp-block-getwid-section__background-holder\"><div class=\"wp-block-getwid-section__background\"><\/div><div class=\"wp-block-getwid-section__foreground\"><\/div><\/div><div class=\"wp-block-getwid-section__content\"><div class=\"wp-block-getwid-section__inner-content\">\n<div class=\"wp-block-columns has-2-columns is-layout-flex wp-container-core-columns-is-layout-9d6595d7 wp-block-columns-is-layout-flex\">\n<div class=\"wp-block-column is-layout-flow wp-block-column-is-layout-flow\">\n<div class=\"wp-block-getwid-images-stack is-layout-zeta\"><div class=\"wp-block-getwid-images-stack__wrapper\"><div class=\"wp-block-getwid-images-stack__chunk\"><div class=\"wp-block-getwid-images-stack__media-wrapper\"><div class=\"wp-block-getwid-images-stack__media-inner-wrapper\"><img loading=\"lazy\" decoding=\"async\" width=\"2400\" height=\"1600\" class=\"wp-block-getwid-images-stack__media wp-image-1861\" src=\"https:\/\/www.hotelbenini.it\/wp-content\/uploads\/2021\/03\/hb_139.jpg\" data-id=\"1861\" data-link=\"https:\/\/www.hotelbenini.it\/it\/camere\/suite\/attachment\/suite_camera3_cropped\/\" srcset=\"https:\/\/www.hotelbenini.it\/wp-content\/uploads\/2021\/03\/hb_139.jpg 2400w, https:\/\/www.hotelbenini.it\/wp-content\/uploads\/2021\/03\/hb_139-300x200.jpg 300w, https:\/\/www.hotelbenini.it\/wp-content\/uploads\/2021\/03\/hb_139-1024x683.jpg 1024w, https:\/\/www.hotelbenini.it\/wp-content\/uploads\/2021\/03\/hb_139-768x512.jpg 768w, https:\/\/www.hotelbenini.it\/wp-content\/uploads\/2021\/03\/hb_139-1536x1024.jpg 1536w, https:\/\/www.hotelbenini.it\/wp-content\/uploads\/2021\/03\/hb_139-2048x1365.jpg 2048w, https:\/\/www.hotelbenini.it\/wp-content\/uploads\/2021\/03\/hb_139-1170x780.jpg 1170w\" sizes=\"auto, (max-width: 2400px) 100vw, 2400px\" \/><\/div><\/div><div class=\"wp-block-getwid-images-stack__media-wrapper\"><div class=\"wp-block-getwid-images-stack__media-inner-wrapper\"><img loading=\"lazy\" decoding=\"async\" width=\"2388\" height=\"1600\" class=\"wp-block-getwid-images-stack__media wp-image-1891\" src=\"https:\/\/www.hotelbenini.it\/wp-content\/uploads\/2019\/06\/hb_148.jpg\" data-id=\"1891\" data-link=\"https:\/\/www.hotelbenini.it\/it\/camere\/family-deluxe\/attachment\/familydeluxe_camera_cropped\/\" srcset=\"https:\/\/www.hotelbenini.it\/wp-content\/uploads\/2019\/06\/hb_148.jpg 2388w, https:\/\/www.hotelbenini.it\/wp-content\/uploads\/2019\/06\/hb_148-300x201.jpg 300w, https:\/\/www.hotelbenini.it\/wp-content\/uploads\/2019\/06\/hb_148-1024x686.jpg 1024w, https:\/\/www.hotelbenini.it\/wp-content\/uploads\/2019\/06\/hb_148-768x515.jpg 768w, https:\/\/www.hotelbenini.it\/wp-content\/uploads\/2019\/06\/hb_148-1536x1029.jpg 1536w, https:\/\/www.hotelbenini.it\/wp-content\/uploads\/2019\/06\/hb_148-2048x1372.jpg 2048w, https:\/\/www.hotelbenini.it\/wp-content\/uploads\/2019\/06\/hb_148-1170x784.jpg 1170w\" sizes=\"auto, (max-width: 2388px) 100vw, 2388px\" \/><\/div><\/div><div class=\"wp-block-getwid-images-stack__media-wrapper\"><div class=\"wp-block-getwid-images-stack__media-inner-wrapper\"><img loading=\"lazy\" decoding=\"async\" width=\"2397\" height=\"1600\" class=\"wp-block-getwid-images-stack__media wp-image-1840\" src=\"https:\/\/www.hotelbenini.it\/wp-content\/uploads\/2019\/06\/hb_132.jpg\" data-id=\"1840\" data-link=\"https:\/\/www.hotelbenini.it\/it\/camere\/est\/attachment\/est_camera_cropped\/\" srcset=\"https:\/\/www.hotelbenini.it\/wp-content\/uploads\/2019\/06\/hb_132.jpg 2397w, https:\/\/www.hotelbenini.it\/wp-content\/uploads\/2019\/06\/hb_132-300x200.jpg 300w, https:\/\/www.hotelbenini.it\/wp-content\/uploads\/2019\/06\/hb_132-1024x684.jpg 1024w, https:\/\/www.hotelbenini.it\/wp-content\/uploads\/2019\/06\/hb_132-768x513.jpg 768w, https:\/\/www.hotelbenini.it\/wp-content\/uploads\/2019\/06\/hb_132-1536x1025.jpg 1536w, https:\/\/www.hotelbenini.it\/wp-content\/uploads\/2019\/06\/hb_132-2048x1367.jpg 2048w, https:\/\/www.hotelbenini.it\/wp-content\/uploads\/2019\/06\/hb_132-1170x781.jpg 1170w\" sizes=\"auto, (max-width: 2397px) 100vw, 2397px\" \/><\/div><\/div><\/div><\/div><\/div>\n<\/div>\n\n\n\n<div class=\"wp-block-column is-layout-flow wp-block-column-is-layout-flow\">\n<div class=\"wp-block-getwid-images-stack\"><div class=\"wp-block-getwid-images-stack__wrapper\"><div class=\"wp-block-getwid-images-stack__chunk\"><div class=\"wp-block-getwid-images-stack__media-wrapper\"><div class=\"wp-block-getwid-images-stack__media-inner-wrapper\"><img loading=\"lazy\" decoding=\"async\" width=\"2400\" height=\"1600\" class=\"wp-block-getwid-images-stack__media wp-image-1855\" src=\"https:\/\/www.hotelbenini.it\/wp-content\/uploads\/2021\/03\/hb_137.jpg\" data-id=\"1855\" data-link=\"https:\/\/www.hotelbenini.it\/it\/accommodation\/suite\/attachment\/suite_camera_cropped\/\" srcset=\"https:\/\/www.hotelbenini.it\/wp-content\/uploads\/2021\/03\/hb_137.jpg 2400w, https:\/\/www.hotelbenini.it\/wp-content\/uploads\/2021\/03\/hb_137-300x200.jpg 300w, https:\/\/www.hotelbenini.it\/wp-content\/uploads\/2021\/03\/hb_137-1024x683.jpg 1024w, https:\/\/www.hotelbenini.it\/wp-content\/uploads\/2021\/03\/hb_137-768x512.jpg 768w, https:\/\/www.hotelbenini.it\/wp-content\/uploads\/2021\/03\/hb_137-1536x1024.jpg 1536w, https:\/\/www.hotelbenini.it\/wp-content\/uploads\/2021\/03\/hb_137-2048x1365.jpg 2048w, https:\/\/www.hotelbenini.it\/wp-content\/uploads\/2021\/03\/hb_137-1170x780.jpg 1170w\" sizes=\"auto, (max-width: 2400px) 100vw, 2400px\" \/><\/div><\/div><div class=\"wp-block-getwid-images-stack__media-wrapper\"><div class=\"wp-block-getwid-images-stack__media-inner-wrapper\"><img loading=\"lazy\" decoding=\"async\" width=\"486\" height=\"729\" class=\"wp-block-getwid-images-stack__media wp-image-1323\" src=\"https:\/\/www.hotelbenini.it\/wp-content\/uploads\/2021\/03\/hb_038.jpg\" data-id=\"1323\" data-link=\"https:\/\/www.hotelbenini.it\/it\/about\/attachment\/piscine\/\" srcset=\"https:\/\/www.hotelbenini.it\/wp-content\/uploads\/2021\/03\/hb_038.jpg 486w, https:\/\/www.hotelbenini.it\/wp-content\/uploads\/2021\/03\/hb_038-200x300.jpg 200w\" sizes=\"auto, (max-width: 486px) 100vw, 486px\" \/><\/div><\/div><div class=\"wp-block-getwid-images-stack__media-wrapper\"><div class=\"wp-block-getwid-images-stack__media-inner-wrapper\"><img loading=\"lazy\" decoding=\"async\" width=\"2400\" height=\"1600\" class=\"wp-block-getwid-images-stack__media wp-image-1888\" src=\"https:\/\/www.hotelbenini.it\/wp-content\/uploads\/2021\/03\/hb_147.jpg\" data-id=\"1888\" data-link=\"https:\/\/www.hotelbenini.it\/it\/accommodation\/nord-deluxe\/attachment\/norddeluxe_vista_cropped\/\" srcset=\"https:\/\/www.hotelbenini.it\/wp-content\/uploads\/2021\/03\/hb_147.jpg 2400w, https:\/\/www.hotelbenini.it\/wp-content\/uploads\/2021\/03\/hb_147-300x200.jpg 300w, https:\/\/www.hotelbenini.it\/wp-content\/uploads\/2021\/03\/hb_147-1024x683.jpg 1024w, https:\/\/www.hotelbenini.it\/wp-content\/uploads\/2021\/03\/hb_147-768x512.jpg 768w, https:\/\/www.hotelbenini.it\/wp-content\/uploads\/2021\/03\/hb_147-1536x1024.jpg 1536w, https:\/\/www.hotelbenini.it\/wp-content\/uploads\/2021\/03\/hb_147-2048x1365.jpg 2048w, https:\/\/www.hotelbenini.it\/wp-content\/uploads\/2021\/03\/hb_147-1170x780.jpg 1170w\" sizes=\"auto, (max-width: 2400px) 100vw, 2400px\" \/><\/div><\/div><\/div><\/div><\/div>\n<\/div>\n<\/div>\n\n\n\n<figure class=\"wp-block-pullquote\"><blockquote><p>La sua posizione ad angolo, permette al nostro Hotel di godere da ogni camera di un&#8217;ampia vista del mare Adriatico, non ostacolata dagli edifici circostanti.<\/p><\/blockquote><\/figure>\n<\/div><\/div><\/div><\/div><\/div>\n\n\n\n<div class=\"wp-block-getwid-section alignfull alignfull getwid-margin-top-none getwid-margin-bottom-none\"><div class=\"wp-block-getwid-section__wrapper getwid-padding-top-none getwid-padding-bottom-none getwid-padding-left-medium getwid-padding-right-medium getwid-padding-mobile-left-small getwid-padding-mobile-right-small\"><div class=\"wp-block-getwid-section__inner-wrapper\"><div class=\"wp-block-getwid-section__background-holder\"><div class=\"wp-block-getwid-section__background\"><\/div><div class=\"wp-block-getwid-section__foreground\"><\/div><\/div><div class=\"wp-block-getwid-section__content\"><div class=\"wp-block-getwid-section__inner-content\">\n<div class=\"wp-block-columns has-2-columns is-layout-flex wp-container-core-columns-is-layout-9d6595d7 wp-block-columns-is-layout-flex\">\n<div class=\"wp-block-column is-layout-flow wp-block-column-is-layout-flow\">\n<div class=\"wp-block-getwid-advanced-heading is-style-style-1 has-custom-font-size\" style=\"font-size:12px;margin-bottom:0px\"><p class=\"wp-block-getwid-advanced-heading__content\" style=\"text-transform:uppercase;letter-spacing:0.1em\">Una storia lunga generazioni<\/p><\/div>\n\n\n\n<div class=\"wp-block-getwid-advanced-heading is-style-default\" style=\"margin-top:10px\"><h2 class=\"wp-block-getwid-advanced-heading__content\">La storia dell&#8217;Hotel Benini<\/h2><\/div>\n\n\n\n<div class=\"wp-block-getwid-section\"><div class=\"wp-block-getwid-section__wrapper\"><div class=\"wp-block-getwid-section__inner-wrapper\"><div class=\"wp-block-getwid-section__background-holder\"><div class=\"wp-block-getwid-section__background\"><\/div><div class=\"wp-block-getwid-section__foreground\"><\/div><\/div><div class=\"wp-block-getwid-section__content\"><div class=\"wp-block-getwid-section__inner-content\">\n<p class=\"has-grey-color has-text-color\">L&#8217;Hotel Benini \u00e8  stato costruito nel 1967 nella posizione pi\u00f9 bella lungo la costa cervese. <strong>La sua posizione ad angolo \u00e8 unica in tutto il litoraneo.<\/strong><\/p>\n\n\n\n<p class=\"has-grey-color has-text-color\">Dal 1994 di propriet\u00e0 della famiglia Matteoni \u00e8 stato completamente ristrutturato e modernizzato mantenendo sempre la sua caratteristica fondamentale: un albergo esclusivo con una <strong>atmosfera famigliare<\/strong> in cui sentirsi accolti con un sorriso.<\/p>\n\n\n\n<p class=\"has-grey-color has-text-color\">La nostra \u00e8 una famiglia di albergatori iniziata negli anni &#8217;40 quando la nostra nonna Angelina apriva la sua Villa Paola ai primi turisti della Romagna.<\/p>\n\n\n\n<p><a href=\"https:\/\/www.hotelbenini.it\/blog\/hotel-benini-la-nostra-storia-inizia-nel-1968\/\">La nostra storia inizia nel 1968 ><\/a><\/p>\n\n\n\n<div class=\"wp-block-buttons is-layout-flex wp-block-buttons-is-layout-flex\"><\/div>\n<\/div><\/div><\/div><\/div><\/div>\n<\/div>\n\n\n\n<div class=\"wp-block-column is-layout-flow wp-block-column-is-layout-flow\">\n<figure class=\"wp-block-image size-large\"><img loading=\"lazy\" decoding=\"async\" width=\"480\" height=\"640\" src=\"https:\/\/www.hotelbenini.it\/wp-content\/uploads\/2021\/03\/hb_208.jpg\" alt=\"\" class=\"wp-image-2320\" srcset=\"https:\/\/www.hotelbenini.it\/wp-content\/uploads\/2021\/03\/hb_208.jpg 480w, https:\/\/www.hotelbenini.it\/wp-content\/uploads\/2021\/03\/hb_208-225x300.jpg 225w\" sizes=\"auto, (max-width: 480px) 100vw, 480px\" \/><\/figure>\n<\/div>\n<\/div>\n\n\n\n<div style=\"height:75px\" aria-hidden=\"true\" class=\"wp-block-spacer\"><\/div>\n<\/div><\/div><\/div><\/div><\/div>\n\n\n\n<p><\/p>\n","protected":false},"excerpt":{"rendered":"<p>L\u2019Hotel Benini \u00e8 la scelta giusta per ospiti alla ricerca di una perfetta combinazione tra fascino, eleganza e una posizione privilegiata per usufruire a pieno del mare e della spiaggia.<\/p>\n","protected":false},"author":1,"featured_media":1455,"parent":0,"menu_order":0,"comment_status":"closed","ping_status":"closed","template":"","meta":{"_acf_changed":false,"footnotes":""},"class_list":["post-228","page","type-page","status-publish","has-post-thumbnail","hentry"],"acf":[],"_links":{"self":[{"href":"https:\/\/www.hotelbenini.it\/it\/wp-json\/wp\/v2\/pages\/228","targetHints":{"allow":["GET"]}}],"collection":[{"href":"https:\/\/www.hotelbenini.it\/it\/wp-json\/wp\/v2\/pages"}],"about":[{"href":"https:\/\/www.hotelbenini.it\/it\/wp-json\/wp\/v2\/types\/page"}],"author":[{"embeddable":true,"href":"https:\/\/www.hotelbenini.it\/it\/wp-json\/wp\/v2\/users\/1"}],"replies":[{"embeddable":true,"href":"https:\/\/www.hotelbenini.it\/it\/wp-json\/wp\/v2\/comments?post=228"}],"version-history":[{"count":4,"href":"https:\/\/www.hotelbenini.it\/it\/wp-json\/wp\/v2\/pages\/228\/revisions"}],"predecessor-version":[{"id":3934,"href":"https:\/\/www.hotelbenini.it\/it\/wp-json\/wp\/v2\/pages\/228\/revisions\/3934"}],"wp:featuredmedia":[{"embeddable":true,"href":"https:\/\/www.hotelbenini.it\/it\/wp-json\/wp\/v2\/media\/1455"}],"wp:attachment":[{"href":"https:\/\/www.hotelbenini.it\/it\/wp-json\/wp\/v2\/media?parent=228"}],"curies":[{"name":"wp","href":"https:\/\/api.w.org\/{rel}","templated":true}]}}